{"id":67,"date":"2018-04-27T11:28:35","date_gmt":"2018-04-27T09:28:35","guid":{"rendered":"http:\/\/swissfi4.cyon.link\/?page_id=67"},"modified":"2018-05-24T12:25:31","modified_gmt":"2018-05-24T10:25:31","slug":"verband","status":"publish","type":"page","link":"https:\/\/www.swissfilmproducers.ch\/fr\/verband\/","title":{"rendered":"Association"},"content":{"rendered":"<h2>A NOTRE PROPOS<\/h2>\n<p>L\u2019association Suisse des producteurs regroupe des producteurs de films, domicili\u00e9 en Suisse. La SFP est politiquement et confessionnellement neutre. Elle a pour but la promotion des int\u00e9r\u00e8ts professionenels et \u00e9conomiques de ses membres, de les repr\u00e9senter individuellement ou globalement devant les autorit\u00e9s, tribunaux et autres organisations, ainsi que le soutien de la formation et de la rel\u00e8ve des jeunes.<\/p>\n<p>Notre association est repr\u00e9sent\u00e9 dans la commission f\u00e9d\u00e9rale du cin\u00e9ma, dans l\u2019association faiti\u00e8re Suisse de Liaison du cin\u00e9ma et de l\u2019Audiovisuel, Cin\u00e9suisse. Elle est aussi membre du conseil de fondation du centre Suisse du cin\u00e9ma et de beaucoup d\u2019autres organisations de la branche.<\/p>\n","protected":false},"excerpt":{"rendered":"<p>A NOTRE PROPOS L\u2019association Suisse des producteurs regroupe des producteurs de films, domicili\u00e9 en Suisse. La SFP est politiquement et confessionnellement neutre. Elle a pour but la promotion des int\u00e9r\u00e8ts professionenels et \u00e9conomiques de ses membres, de les repr\u00e9senter individuellement ou globalement devant les autorit\u00e9s, tribunaux et autres organisations, ainsi que le soutien de la<a class=\"excerpt-read-more\" href=\"https:\/\/www.swissfilmproducers.ch\/fr\/verband\/\" title=\"ReadAssociation\">&#8230; Read more &raquo;<\/a><\/p>\n","protected":false},"author":1,"featured_media":0,"parent":0,"menu_order":0,"comment_status":"closed","ping_status":"closed","template":"","meta":{"footnotes":""},"acf":[],"_links":{"self":[{"href":"https:\/\/www.swissfilmproducers.ch\/fr\/wp-json\/wp\/v2\/pages\/67"}],"collection":[{"href":"https:\/\/www.swissfilmproducers.ch\/fr\/wp-json\/wp\/v2\/pages"}],"about":[{"href":"https:\/\/www.swissfilmproducers.ch\/fr\/wp-json\/wp\/v2\/types\/page"}],"author":[{"embeddable":true,"href":"https:\/\/www.swissfilmproducers.ch\/fr\/wp-json\/wp\/v2\/users\/1"}],"replies":[{"embeddable":true,"href":"https:\/\/www.swissfilmproducers.ch\/fr\/wp-json\/wp\/v2\/comments?post=67"}],"version-history":[{"count":4,"href":"https:\/\/www.swissfilmproducers.ch\/fr\/wp-json\/wp\/v2\/pages\/67\/revisions"}],"predecessor-version":[{"id":1410,"href":"https:\/\/www.swissfilmproducers.ch\/fr\/wp-json\/wp\/v2\/pages\/67\/revisions\/1410"}],"wp:attachment":[{"href":"https:\/\/www.swissfilmproducers.ch\/fr\/wp-json\/wp\/v2\/media?parent=67"}],"curies":[{"name":"wp","href":"https:\/\/api.w.org\/{rel}","templated":true}]}}